{"id":3187,"date":"2023-02-21T14:52:27","date_gmt":"2023-02-21T13:52:27","guid":{"rendered":"https:\/\/mava-foundation.org\/library\/why-is-mava-winding-down-in-2022\/"},"modified":"2023-03-28T12:19:58","modified_gmt":"2023-03-28T10:19:58","slug":"pourquoi-la-mava-tirera-t-elle-sa-reverence-en-2022","status":"publish","type":"library","link":"https:\/\/mava-foundation.org\/fr\/article\/pourquoi-la-mava-tirera-t-elle-sa-reverence-en-2022\/","title":{"rendered":"Pourquoi la MAVA tirera-t-elle sa r\u00e9v\u00e9rence en 2022 ?"},"content":{"rendered":"\n<h6 class=\"wp-block-heading\"><strong>Par Lynda Mansson, Directrice g\u00e9n\u00e9rale, MAVA<\/strong><\/h6>\n\n\n\n<p>Je me souviens de ce moment&nbsp;: nous \u00e9tions au printemps 2010. Apr\u00e8s un processus de recrutement intense, on me proposait le poste de Directrice g\u00e9n\u00e9rale de la Fondation MAVA \u2013 le travail de mes r\u00eaves. J\u2019avais l\u00e0 une occasion en or de pouvoir faire une diff\u00e9rence sur des questions qui m\u2019\u00e9taient ch\u00e8res ! J\u2019avais un vrai champ d\u2019action pour avoir un impact en mati\u00e8re de conservation. J\u2019avais le privil\u00e8ge de pouvoir travailler avec une \u00e9quipe et un conseil de fondation excellents\u2026 Quelle chance !<\/p>\n\n\n\n<p>J\u2019ai quasiment accept\u00e9 l\u2019offre sur le moment, mais il y avait un hic. Le fondateur de la MAVA, Luc Hoffmann, m\u2019a fait asseoir en face de lui : il voulait \u00eatre s\u00fbr que j\u2019avais bien compris que la Fondation cesserait d\u2019exister en 2022. \u00c9tais-je toujours int\u00e9ress\u00e9e par le poste, malgr\u00e9 cette limite ? Instinctivement, j\u2019ai eu envie de rire \u2013 pour \u00eatre franche, j\u2019ai souvent cet instinct. 2022 me semblait tellement lointain, c\u2019\u00e9tait une vie \u2013 bien s\u00fbr que j\u2019acceptais le poste ! Qui refuserait ?<\/p>\n\n\n\n<p>Aujourd\u2019hui, apr\u00e8s bient\u00f4t huit ans \u00e0 la t\u00eate de la Fondation, 2022 ne semble plus aussi loin. En fait, 2022 semble m\u00eame se rapprocher de plus en plus vite\u2026 M\u00eame si cette date finale a toujours \u00e9t\u00e9 l\u00e0, planifi\u00e9e depuis le d\u00e9but par Luc, et qu\u2019elle n\u2019a jamais \u00e9t\u00e9 un secret pour personne, nous ne communiquions pas vraiment proactivement \u00e0 son sujet. Les quelques fois o\u00f9 je mentionnais notre cl\u00f4ture \u00e0 nos partenaires, la r\u00e9action \u00e9tait plut\u00f4t dubitative qu\u2019autre chose.<\/p>\n\n\n\n<p>Il y a plusieurs ann\u00e9es, apr\u00e8s avoir confirm\u00e9 l\u2019intention originale de fermer la Fondation, le conseil de la MAVA a souhait\u00e9 que nous commencions \u00e0 planifier et \u00e0 communiquer plus explicitement sur le futur de la MAVA. Aujourd\u2019hui, m\u00eame si quelques personnes ont encore du mal \u00e0 nous croire, le message est largement pass\u00e9 et compris. Notre objectif est de planifier notre transition afin de baisser le rideau aussi \u00e9l\u00e9gamment que possible, nos partenaires \u00e9tant pleinement inform\u00e9s et pr\u00e9par\u00e9s face \u00e0 notre d\u00e9part.<\/p>\n\n\n\n<p>L\u2019une des premi\u00e8res questions que l\u2019on nous pose \u00e0 chaque fois est : pourquoi fermer ? La r\u00e9ponse est complexe et simple \u00e0 la fois : c\u2019est ce que notre fondateur avait d\u00e9cid\u00e9. Pour comprendre cela, revenons au moment de la cr\u00e9ation de la MAVA. Luc voulait cr\u00e9er un instrument par lequel g\u00e9rer ses int\u00e9r\u00eats philanthropiques. Conservationniste passionn\u00e9, il a transmis son enthousiasme \u00e0 d\u2019autres membres de sa famille, dont la plupart sont impliqu\u00e9s dans la gouvernance de la MAVA.<\/p>\n\n\n\n<p>Cependant, il reconnaissait aussi qu\u2019une fondation familiale doit \u00eatre aliment\u00e9e par la passion des membres d\u2019une famille, et ne pas simplement porter la tradition du fondateur. Il existe de nombreuses m\u00e9thodes pour g\u00e9rer le passage aux g\u00e9n\u00e9rations post\u00e9rieures dans une fondation familiale. Le choix, dans le cas de la MAVA, a \u00e9t\u00e9 que les membres de la famille associent leur int\u00e9r\u00eat dans la conservation \u00e0 d\u2019autres passions comme la litt\u00e9rature et l\u2019art. Leurs int\u00e9r\u00eats sont profonds et vari\u00e9s, au-del\u00e0 de la seule conservation. La cl\u00f4ture de la MAVA recentrera la philanthropie familiale sur les autres fondations de la famille Hoffmann. Certains int\u00e9r\u00eats de la famille peuvent \u00eatre une extension de l\u2019int\u00e9r\u00eat de Luc, mais d\u2019autres seront certainement diff\u00e9rents, et une structure diff\u00e9rente donnera plus d\u2019espace \u00e0 chaque membre pour poursuivre ses passions. La structure juridique de la MAVA \u2013 que nous ne pouvons pas changer \u2013 ne nous permet pas d\u2019\u00e9largir ce champ d\u2019action.<\/p>\n\n\n\n<p>Nous nous sommes donc focalis\u00e9s sur la s\u00e9curisation de l\u2019h\u00e9ritage des activit\u00e9s de la fondation au cours de ces 25 derni\u00e8res ann\u00e9es, en obtenant des succ\u00e8s importants en mati\u00e8re de conservation d\u2019ici \u00e0 2022 et en garantissant un h\u00e9ritage durable, par le biais d\u2019une communaut\u00e9 de la conservation forte et active.<\/p>\n\n\n\n<p>Par ailleurs, il est \u00e9galement essentiel de comprendre comment la MAVA est financ\u00e9e. \u00c0 la diff\u00e9rence de nombreuses fondations, qui sont capitalis\u00e9es et vivent de l\u2019argent gagn\u00e9 par un fonds de dotation, le financement de la MAVA vient d\u2019un int\u00e9r\u00eat b\u00e9n\u00e9ficiaire dans des actions Roche, poss\u00e9d\u00e9es par Luc et d\u00e9sormais par ses enfants. Au moment de la d\u00e9claration des dividendes, le revenu est donc transf\u00e9r\u00e9 directement \u00e0 la MAVA. Cet accord a \u00e9t\u00e9 mis en place jusqu\u2019en\u2026 \u2013 devinez \u2013 2022, date \u00e0 partir de laquelle la MAVA n\u2019aura plus de revenus. Cela rend le processus de fermeture plus simple que d\u2019avoir \u00e0 fermer progressivement un fonds de dotation, et est conforme avec la planification pr\u00e9coce imagin\u00e9e par notre fondateur visionnaire. C\u2019est un moment parfait pour repenser les int\u00e9r\u00eats philanthropiques de la famille.<\/p>\n\n\n\n<p>La MAVA a soutenu de nombreux partenaires pendant toutes ces ann\u00e9es, et a jou\u00e9 un r\u00f4le crucial dans de nombreuses r\u00e9alisations majeures en mati\u00e8re de conservation. Nous pouvons \u00eatre fiers de ce que nous avons accompli. Notre attention pour les ann\u00e9es qui restent est de veiller \u00e0 ce que l\u2019immense travail que nous avons soutenu toutes ces ann\u00e9es continue au-del\u00e0 de 2022. Toutes les mesures que nous prenons \u00e0 cet \u00e9gard seront le sujet d\u2019un autre article du blog. Entretemps, nous travaillons avec d\u00e9vouement et attention pour garantir le succ\u00e8s continu de nos partenaires.<\/p>\n\n\n\n<p>Soyez assur\u00e9s que nous tirerons notre r\u00e9v\u00e9rence avec \u00e9l\u00e9gance et que nous aurons de quoi nous r\u00e9jouir.<\/p>\n","protected":false},"template":"","library_type":[59,60],"class_list":["post-3187","library","type-library","status-publish","hentry","library_type-blogs-fr","library_type-apprentissages"],"acf":[],"yoast_head":"<!-- This site is optimized with the Yoast SEO plugin v27.0 - https:\/\/yoast.com\/product\/yoast-seo-wordpress\/ -->\n<title>Pourquoi la MAVA tirera-t-elle sa r\u00e9v\u00e9rence en 2022 ? | Fondation MAVA<\/title>\n<meta name=\"robots\" content=\"index, follow, max-snippet:-1, max-image-preview:large, max-video-preview:-1\" \/>\n<link rel=\"canonical\" href=\"https:\/\/mava-foundation.org\/fr\/article\/pourquoi-la-mava-tirera-t-elle-sa-reverence-en-2022\/\" \/>\n<meta property=\"og:locale\" content=\"fr_FR\" \/>\n<meta property=\"og:type\" content=\"article\" \/>\n<meta property=\"og:title\" content=\"Pourquoi la MAVA tirera-t-elle sa r\u00e9v\u00e9rence en 2022 ? | Fondation MAVA\" \/>\n<meta property=\"og:description\" content=\"Par Lynda Mansson, Directrice g\u00e9n\u00e9rale, MAVA Je me souviens de ce moment&nbsp;: nous \u00e9tions au printemps 2010. Apr\u00e8s un processus de recrutement intense, on me proposait le poste de Directrice g\u00e9n\u00e9rale de la Fondation MAVA \u2013 le travail de mes r\u00eaves. J\u2019avais l\u00e0 une occasion en or de pouvoir faire une diff\u00e9rence sur des questions [&hellip;]\" \/>\n<meta property=\"og:url\" content=\"https:\/\/mava-foundation.org\/fr\/article\/pourquoi-la-mava-tirera-t-elle-sa-reverence-en-2022\/\" \/>\n<meta property=\"og:site_name\" content=\"Fondation MAVA\" \/>\n<meta property=\"article:modified_time\" content=\"2023-03-28T10:19:58+00:00\" \/>\n<meta property=\"og:image\" content=\"https:\/\/mava-foundation.org\/wp-content\/uploads\/2023\/03\/logo..png\" \/>\n\t<meta property=\"og:image:width\" content=\"356\" \/>\n\t<meta property=\"og:image:height\" content=\"200\" \/>\n\t<meta property=\"og:image:type\" content=\"image\/png\" \/>\n<meta name=\"twitter:card\" content=\"summary_large_image\" \/>\n<meta name=\"twitter:label1\" content=\"Dur\u00e9e de lecture estim\u00e9e\" \/>\n\t<meta name=\"twitter:data1\" content=\"5 minutes\" \/>\n<script type=\"application\/ld+json\" class=\"yoast-schema-graph\">{\"@context\":\"https:\/\/schema.org\",\"@graph\":[{\"@type\":\"WebPage\",\"@id\":\"https:\/\/mava-foundation.org\/fr\/article\/pourquoi-la-mava-tirera-t-elle-sa-reverence-en-2022\/\",\"url\":\"https:\/\/mava-foundation.org\/fr\/article\/pourquoi-la-mava-tirera-t-elle-sa-reverence-en-2022\/\",\"name\":\"Pourquoi la MAVA tirera-t-elle sa r\u00e9v\u00e9rence en 2022 ? | Fondation MAVA\",\"isPartOf\":{\"@id\":\"https:\/\/mava-foundation.org\/fr\/#website\"},\"datePublished\":\"2023-02-21T13:52:27+00:00\",\"dateModified\":\"2023-03-28T10:19:58+00:00\",\"breadcrumb\":{\"@id\":\"https:\/\/mava-foundation.org\/fr\/article\/pourquoi-la-mava-tirera-t-elle-sa-reverence-en-2022\/#breadcrumb\"},\"inLanguage\":\"fr-FR\",\"potentialAction\":[{\"@type\":\"ReadAction\",\"target\":[\"https:\/\/mava-foundation.org\/fr\/article\/pourquoi-la-mava-tirera-t-elle-sa-reverence-en-2022\/\"]}]},{\"@type\":\"BreadcrumbList\",\"@id\":\"https:\/\/mava-foundation.org\/fr\/article\/pourquoi-la-mava-tirera-t-elle-sa-reverence-en-2022\/#breadcrumb\",\"itemListElement\":[{\"@type\":\"ListItem\",\"position\":1,\"name\":\"Accueil\",\"item\":\"https:\/\/mava-foundation.org\/fr\/\"},{\"@type\":\"ListItem\",\"position\":2,\"name\":\"Biblioth\u00e8que\",\"item\":\"https:\/\/mava-foundation.org\/fr\/article\/\"},{\"@type\":\"ListItem\",\"position\":3,\"name\":\"Pourquoi la MAVA tirera-t-elle sa r\u00e9v\u00e9rence en 2022 ?\"}]},{\"@type\":\"WebSite\",\"@id\":\"https:\/\/mava-foundation.org\/fr\/#website\",\"url\":\"https:\/\/mava-foundation.org\/fr\/\",\"name\":\"Fondation MAVA\",\"description\":\"Un investissement au b\u00e9n\u00e9fice de l\u2019humain et de la nature\",\"publisher\":{\"@id\":\"https:\/\/mava-foundation.org\/fr\/#organization\"},\"alternateName\":\"MAVA\",\"potentialAction\":[{\"@type\":\"SearchAction\",\"target\":{\"@type\":\"EntryPoint\",\"urlTemplate\":\"https:\/\/mava-foundation.org\/fr\/?s={search_term_string}\"},\"query-input\":{\"@type\":\"PropertyValueSpecification\",\"valueRequired\":true,\"valueName\":\"search_term_string\"}}],\"inLanguage\":\"fr-FR\"},{\"@type\":\"Organization\",\"@id\":\"https:\/\/mava-foundation.org\/fr\/#organization\",\"name\":\"MAVA Foundation\",\"alternateName\":\"MAVA\",\"url\":\"https:\/\/mava-foundation.org\/fr\/\",\"logo\":{\"@type\":\"ImageObject\",\"inLanguage\":\"fr-FR\",\"@id\":\"https:\/\/mava-foundation.org\/fr\/#\/schema\/logo\/image\/\",\"url\":\"http:\/\/mava.321dev.ch\/wp-content\/uploads\/2023\/03\/logo..png\",\"contentUrl\":\"http:\/\/mava.321dev.ch\/wp-content\/uploads\/2023\/03\/logo..png\",\"width\":356,\"height\":200,\"caption\":\"MAVA Foundation\"},\"image\":{\"@id\":\"https:\/\/mava-foundation.org\/fr\/#\/schema\/logo\/image\/\"}}]}<\/script>\n<!-- \/ Yoast SEO plugin. -->","yoast_head_json":{"title":"Pourquoi la MAVA tirera-t-elle sa r\u00e9v\u00e9rence en 2022 ? | Fondation MAVA","robots":{"index":"index","follow":"follow","max-snippet":"max-snippet:-1","max-image-preview":"max-image-preview:large","max-video-preview":"max-video-preview:-1"},"canonical":"https:\/\/mava-foundation.org\/fr\/article\/pourquoi-la-mava-tirera-t-elle-sa-reverence-en-2022\/","og_locale":"fr_FR","og_type":"article","og_title":"Pourquoi la MAVA tirera-t-elle sa r\u00e9v\u00e9rence en 2022 ? | Fondation MAVA","og_description":"Par Lynda Mansson, Directrice g\u00e9n\u00e9rale, MAVA Je me souviens de ce moment&nbsp;: nous \u00e9tions au printemps 2010. Apr\u00e8s un processus de recrutement intense, on me proposait le poste de Directrice g\u00e9n\u00e9rale de la Fondation MAVA \u2013 le travail de mes r\u00eaves. J\u2019avais l\u00e0 une occasion en or de pouvoir faire une diff\u00e9rence sur des questions [&hellip;]","og_url":"https:\/\/mava-foundation.org\/fr\/article\/pourquoi-la-mava-tirera-t-elle-sa-reverence-en-2022\/","og_site_name":"Fondation MAVA","article_modified_time":"2023-03-28T10:19:58+00:00","og_image":[{"width":356,"height":200,"url":"https:\/\/mava-foundation.org\/wp-content\/uploads\/2023\/03\/logo..png","type":"image\/png"}],"twitter_card":"summary_large_image","twitter_misc":{"Dur\u00e9e de lecture estim\u00e9e":"5 minutes"},"schema":{"@context":"https:\/\/schema.org","@graph":[{"@type":"WebPage","@id":"https:\/\/mava-foundation.org\/fr\/article\/pourquoi-la-mava-tirera-t-elle-sa-reverence-en-2022\/","url":"https:\/\/mava-foundation.org\/fr\/article\/pourquoi-la-mava-tirera-t-elle-sa-reverence-en-2022\/","name":"Pourquoi la MAVA tirera-t-elle sa r\u00e9v\u00e9rence en 2022 ? | Fondation MAVA","isPartOf":{"@id":"https:\/\/mava-foundation.org\/fr\/#website"},"datePublished":"2023-02-21T13:52:27+00:00","dateModified":"2023-03-28T10:19:58+00:00","breadcrumb":{"@id":"https:\/\/mava-foundation.org\/fr\/article\/pourquoi-la-mava-tirera-t-elle-sa-reverence-en-2022\/#breadcrumb"},"inLanguage":"fr-FR","potentialAction":[{"@type":"ReadAction","target":["https:\/\/mava-foundation.org\/fr\/article\/pourquoi-la-mava-tirera-t-elle-sa-reverence-en-2022\/"]}]},{"@type":"BreadcrumbList","@id":"https:\/\/mava-foundation.org\/fr\/article\/pourquoi-la-mava-tirera-t-elle-sa-reverence-en-2022\/#breadcrumb","itemListElement":[{"@type":"ListItem","position":1,"name":"Accueil","item":"https:\/\/mava-foundation.org\/fr\/"},{"@type":"ListItem","position":2,"name":"Biblioth\u00e8que","item":"https:\/\/mava-foundation.org\/fr\/article\/"},{"@type":"ListItem","position":3,"name":"Pourquoi la MAVA tirera-t-elle sa r\u00e9v\u00e9rence en 2022 ?"}]},{"@type":"WebSite","@id":"https:\/\/mava-foundation.org\/fr\/#website","url":"https:\/\/mava-foundation.org\/fr\/","name":"Fondation MAVA","description":"Un investissement au b\u00e9n\u00e9fice de l\u2019humain et de la nature","publisher":{"@id":"https:\/\/mava-foundation.org\/fr\/#organization"},"alternateName":"MAVA","potentialAction":[{"@type":"SearchAction","target":{"@type":"EntryPoint","urlTemplate":"https:\/\/mava-foundation.org\/fr\/?s={search_term_string}"},"query-input":{"@type":"PropertyValueSpecification","valueRequired":true,"valueName":"search_term_string"}}],"inLanguage":"fr-FR"},{"@type":"Organization","@id":"https:\/\/mava-foundation.org\/fr\/#organization","name":"MAVA Foundation","alternateName":"MAVA","url":"https:\/\/mava-foundation.org\/fr\/","logo":{"@type":"ImageObject","inLanguage":"fr-FR","@id":"https:\/\/mava-foundation.org\/fr\/#\/schema\/logo\/image\/","url":"http:\/\/mava.321dev.ch\/wp-content\/uploads\/2023\/03\/logo..png","contentUrl":"http:\/\/mava.321dev.ch\/wp-content\/uploads\/2023\/03\/logo..png","width":356,"height":200,"caption":"MAVA Foundation"},"image":{"@id":"https:\/\/mava-foundation.org\/fr\/#\/schema\/logo\/image\/"}}]}},"_links":{"self":[{"href":"https:\/\/mava-foundation.org\/fr\/wp-json\/wp\/v2\/library\/3187","targetHints":{"allow":["GET"]}}],"collection":[{"href":"https:\/\/mava-foundation.org\/fr\/wp-json\/wp\/v2\/library"}],"about":[{"href":"https:\/\/mava-foundation.org\/fr\/wp-json\/wp\/v2\/types\/library"}],"wp:attachment":[{"href":"https:\/\/mava-foundation.org\/fr\/wp-json\/wp\/v2\/media?parent=3187"}],"wp:term":[{"taxonomy":"library_type","embeddable":true,"href":"https:\/\/mava-foundation.org\/fr\/wp-json\/wp\/v2\/library_type?post=3187"}],"curies":[{"name":"wp","href":"https:\/\/api.w.org\/{rel}","templated":true}]}}