{"id":3128,"date":"2023-02-21T14:02:15","date_gmt":"2023-02-21T13:02:15","guid":{"rendered":"https:\/\/mava-foundation.org\/library\/balancing-people-nature-and-prosperity-in-donana\/"},"modified":"2023-05-01T16:06:32","modified_gmt":"2023-05-01T14:06:32","slug":"trouver-un-equilibre-entre-humains-nature-et-prosperite-a-donana","status":"publish","type":"library","link":"https:\/\/mava-foundation.org\/fr\/article\/trouver-un-equilibre-entre-humains-nature-et-prosperite-a-donana\/","title":{"rendered":"Trouver un \u00e9quilibre entre humains, nature et prosp\u00e9rit\u00e9 \u00e0 Do\u00f1ana"},"content":{"rendered":"\n<h6 class=\"wp-block-heading\"><strong>Texte de\u00a0<a href=\"https:\/\/twitter.com\/TheChangeCo\" target=\"_blank\" rel=\"noreferrer noopener\">Justin Woolford<\/a>\u00a0pour la Fondation MAVA<\/strong><\/h6>\n\n\n\n<p><em>Dans le troisi\u00e8me num\u00e9ro de notre nouvelle s\u00e9rie de cinq articles dont l\u2019objectif est d\u2019offrir perspectives et inspiration pour la conservation contemporaine, nous nous rendons \u00e0 Do\u00f1ana, dans le sud de l\u2019Espagne \u2013 une zone humide embl\u00e9matique, dont l\u2019avenir d\u00e9pend des moyens que nous mettrons en \u0153uvre pour prot\u00e9ger ses eaux vitales tout en r\u00e9pondant aux besoins des humains et des esp\u00e8ces sauvages.<\/em><\/p>\n\n\n\n<p><\/p>\n\n\n\n<h5 class=\"wp-block-heading\"><strong>Dans les bois<\/strong><\/h5>\n\n\n\n<p>D\u2019apr\u00e8s la l\u00e9gende, il y a cinq cents ans, Do\u00f1a Ana, \u00e9pouse du Duc de Medina-Sidonia, aurait fui la cour andalouse et trouv\u00e9 refuge dans une for\u00eat de pins magique sur la c\u00f4te Atlantique, \u00e0 l\u2019embouchure du fleuve Guadalquivir, au sud de S\u00e9ville.<\/p>\n\n\n\n<p>\u00c9tabli au coeur des&nbsp;<em>Marismas<\/em>&nbsp;\u2013 des marais c\u00f4tiers sauvages, cr\u00e9\u00e9s il y a cinq mille ans par le recul de l\u2019Atlantique \u2013 l\u2019endroit a peu \u00e0 peu gagn\u00e9 le nom de \u00ab&nbsp;Bois de Do\u00f1ana&nbsp;\u00bb, ou tout simplement&nbsp;<a href=\"https:\/\/www.donanareservas.com\/en\/\" target=\"_blank\" rel=\"noreferrer noopener\">Do\u00f1ana<\/a>.<\/p>\n\n\n\n<p>Aujourd\u2019hui, cette vaste zone humide estuarienne est un magnifique paradis naturel habit\u00e9 par de nombreuses esp\u00e8ces sauvages, et rassemble de mani\u00e8re unique marais, lagons, pins de garrigues, dunes et plages. L\u2019aigle ib\u00e9rique fend les cieux, le myst\u00e9rieux&nbsp;<a href=\"http:\/\/lynx.panda.org\/\" target=\"_blank\" rel=\"noreferrer noopener\">lynx ib\u00e9rique<\/a>&nbsp;parcourt son territoire sauvage, et six millions d\u2019oiseaux migrateurs viennent y chercher nourriture et refuge lors de leur voyage entre l\u2019Europe et l\u2019Afrique de l\u2019Ouest.<\/p>\n\n\n\n<p>Cette zone humide, qui fournit \u00e9galement l\u2019eau n\u00e9cessaire aux secteurs agricole, portuaire et touristique, est vitale pour l\u2019\u00e9conomie locale.<\/p>\n\n\n\n<p>Pour les humains et les esp\u00e8ces sauvages, Do\u00f1ana est tout simplement synonyme de vie.<\/p>\n\n\n\n<figure class=\"wp-block-embed is-type-video is-provider-youtube wp-block-embed-youtube wp-embed-aspect-16-9 wp-has-aspect-ratio\"><div class=\"wp-block-embed__wrapper\">\n<iframe loading=\"lazy\" title=\"Do\u00f1ana National Park, Spain (English version)\" width=\"500\" height=\"281\" src=\"https:\/\/www.youtube.com\/embed\/JdtWpKtNbdE?feature=oembed\" frameborder=\"0\" allow=\"accelerometer; autoplay; clipboard-write; encrypted-media; gyroscope; picture-in-picture; web-share\" referrerpolicy=\"strict-origin-when-cross-origin\" allowfullscreen><\/iframe>\n<\/div><\/figure>\n\n\n\n<h5 class=\"wp-block-heading\"><strong>La victoire du paradis<\/strong><\/h5>\n\n\n\n<p>Longtemps havre de pr\u00e9dilection des chasseurs et des&nbsp;<a href=\"https:\/\/en.wikipedia.org\/wiki\/Romer%C3%ADa_de_El_Roc%C3%ADo\" target=\"_blank\" rel=\"noreferrer noopener\">p\u00e9lerins<\/a>, Do\u00f1ana a \u00e9t\u00e9 fa\u00e7onn\u00e9e par les \u00eatres humains pendant des si\u00e8cles, mais c\u2019est au d\u00e9but des ann\u00e9es 1950 que le g\u00e9n\u00e9ral Franco a projet\u00e9 de \u00ab&nbsp;l\u2019am\u00e9liorer&nbsp;\u00bb \u00e0 grande \u00e9chelle, commen\u00e7ant ainsi l\u2019une des batailles les plus longues et les plus \u00e9piques de la conservation.<\/p>\n\n\n\n<p>Ses premiers \u00e9changes sont une&nbsp;<a href=\"https:\/\/www.wwf.es\/somos\/50_anos_en_defensa_de_la_naturaleza\/donana__las_raices_de_wwf\/\" target=\"_blank\" rel=\"noreferrer noopener\">histoire fascinante<\/a>, \u00e0 la confluence de la science, de la politique, de l\u2019histoire et de h\u00e9ros qui se sont av\u00e9r\u00e9s indispensables pour la naissance du WWF et le mouvement moderne de la conservation.<\/p>\n\n\n\n<p>Ayant pris connaissance de projets visant \u00e0 d\u00e9velopper d\u2019immenses plantations d\u2019eucalyptus, des rizi\u00e8res ainsi qu\u2019une infrastructure touristique c\u00f4ti\u00e8re mena\u00e7ant d\u2019ass\u00e9cher totalement la zone humide, le naturaliste espagnol Jos\u00e9 Antonio Valverde entreprend pendant deux d\u00e9cennies exp\u00e9ditions, actions de plaidoyer et de lev\u00e9es de fonds.<\/p>\n\n\n\n<p><em>\u00ab&nbsp;S\u2019asseoir dans un refuge au milieu d\u2019immenses dunes dor\u00e9es, \u00e0 l\u2019aube, et tendre l\u2019oreille dans le silence en attendant l\u2019arriv\u00e9e des oies est un moment magique inoubliable<\/em>&nbsp;\u00bb raconte Juan Carlos del Olmo, Secr\u00e9taire g\u00e9n\u00e9ral de WWF Espagne.&nbsp;<em>\u00ab&nbsp;La mission de Valverde \u00e9tait de faire conna\u00eetre Do\u00f1ana au monde.&nbsp;\u00bb<\/em><\/p>\n\n\n\n<p>Lorsqu\u2019il visite la&nbsp;<a href=\"https:\/\/tourduvalat.org\/\" target=\"_blank\" rel=\"noreferrer noopener\">Tour du Valat<\/a>&nbsp;\u00e0 la fin des ann\u00e9es 1950 afin d\u2019\u00e9tudier en Camargue, J. A. Valverde y rencontre Luc Hoffmann, fondateur de la MAVA. Constatant le succ\u00e8s de ce dernier&nbsp;<a href=\"http:\/\/mava-foundation.org\/fr\/blog-1-enseignement-camargue\/\" target=\"_blank\" rel=\"noreferrer noopener\">\u00e0 sauver la zone humide proven\u00e7ale<\/a>, J. A.Valverde lui demande de l\u2019aide pour sauver Do\u00f1ana.<\/p>\n\n\n\n<p>Parall\u00e8lement, deux naturalistes anglais, Peter Scott et Max Nicholson, proposent \u00e0 Luc Hoffmann l\u2019id\u00e9e d\u2019un&nbsp;<a href=\"https:\/\/wwf.panda.org\/knowledge_hub\/history\/\" target=\"_blank\" rel=\"noreferrer noopener\">fonds mondial pour sauver les esp\u00e8ces sauvages<\/a>, et sugg\u00e8rent de faire de Do\u00f1ana sa premi\u00e8re campagne.<\/p>\n\n\n\n<p>Dans cette sorte de prototype de \u00ab&nbsp;crowdfunding&nbsp;\u00bb, Luc Hoffmann, le WWF et le gouvernement espagnol, soutenus par&nbsp;<a href=\"https:\/\/www.bfi.org.uk\/films-tv-people\/4ce2b8d3b0ba3\" target=\"_blank\" rel=\"noreferrer noopener\">le film de la BBC,&nbsp;<em>Wild Spain<\/em><\/a>, lancent un appel de fonds pour acqu\u00e9rir des terres afin de cr\u00e9er une r\u00e9serve au coeur de Do\u00f1ana. Dans toute l\u2019Europe, de milliers d\u2019amis des oiseaux deviennent ainsi des donateurs.<\/p>\n\n\n\n<p>Et lorsque le premier pr\u00e9sident du WWF, le Prince Bernhard des Pays-Bas, \u00e9crit \u00e0 Franco pour lui demander de prot\u00e9ger Do\u00f1ana, le g\u00e9n\u00e9ral y voit l\u2019occasion de mettre fin \u00e0 l\u2019isolement de l\u2019Espagne, et proclame officiellement la cr\u00e9ation du&nbsp;<a href=\"http:\/\/donanareservas.com\/en\/\" target=\"_blank\" rel=\"noreferrer noopener\">Parc national de Do\u00f1ana<\/a>&nbsp;le 14 ao\u00fbt 1969.<\/p>\n\n\n\n<h5 class=\"wp-block-heading\"><strong>Dans les traces de mastodontes<\/strong><\/h5>\n\n\n\n<p>Rafael \u00ab&nbsp;Rafa&nbsp;\u00bb Seiz a commenc\u00e9 sa carri\u00e8re professionnelle comme technicien dans l\u2019entreprise de conseil d\u2019ing\u00e9nierie civile TYPSA, apr\u00e8s des \u00e9tudes de planification et d\u2019ing\u00e9nierie dans le secteur hydrique. Lorsqu\u2019il rejoint le WWF en 2014 et qu\u2019il d\u00e9couvre les efforts h\u00e9ro\u00efques de J. A. Valverde, quelque chose se r\u00e9veille en lui.<\/p>\n\n\n\n<p><em>\u00ab&nbsp;L\u2019amour et le d\u00e9vouement de Valverde pour Do\u00f1ana m\u2019ont profond\u00e9ment touch\u00e9<\/em>&nbsp;\u00bb raconte Rafa.&nbsp;<em>\u00ab&nbsp;Je ne suis pas un activiste typique d\u2019ONG \u2013 mais ma vie a chang\u00e9 lorsque j\u2019ai commenc\u00e9 \u00e0 m\u2019impliquer dans Do\u00f1ana. Toutes les injustices et les abus commis sur la nature m\u2019ont donn\u00e9 une \u00e9nergie suppl\u00e9mentaire et un nouveau but.&nbsp;\u00bb<\/em><\/p>\n\n\n\n<p>Au sein de l\u2019\u00e9quipe diversifi\u00e9e impliqu\u00e9e dans la conservation et la durabilit\u00e9 de Do\u00f1ana dans le grand bassin du fleuve Guadalquivir, Rafa est charg\u00e9 d\u2019assurer que les politiques hydriques et les structures de gouvernance espagnoles soutiennent une \u00e9conomie respectueuse des valeurs naturelles.<\/p>\n\n\n\n<p><em>\u00ab&nbsp;Je suis toujours \u00e9merveill\u00e9 par la beaut\u00e9 et la paix qui r\u00e8gnent \u00e0 Do\u00f1ana&nbsp;\u00bb<\/em>, d\u00e9clare Rafa.&nbsp;<em>\u00ab&nbsp;Je connais un guide, la fille d\u2019un garde forestier, qui a \u00e9t\u00e9 l\u2019une des derni\u00e8res personnes \u00e0 grandir au sein du parc. Ses souvenirs d\u2019enfance, en pleine nature sauvage, sont extraordinaires \u2013 tellement diff\u00e9rents de mon enfance \u00e0 Madrid !&nbsp;\u00bb<\/em><\/p>\n\n\n\n<p>Marchant dans les traces de mastodontes de la conservation comme J. A. Valverde et Luc Hoffmann, Rafa n\u2019est pas le seul \u00e0 \u00eatre tomb\u00e9 amoureux du refuge de Do\u00f1a Ana et \u00e0 avoir rejoint le combat pour la sauvegarde des&nbsp;<em>Marismas<\/em>. Chaque personne qui d\u00e9couvre la magie de Do\u00f1ana devient d\u00e9vou\u00e9 \u00e0 sa cause. Incarnant notre relation ambigu\u00eb avec la nature, son histoire est devenue&nbsp;<a href=\"https:\/\/www.wwf.es\/nuestro_trabajo\/donana\/\" target=\"_blank\" rel=\"noreferrer noopener\">un mythe qui a fa\u00e7onn\u00e9 l\u2019\u00e2me du WWF<\/a>, un aimant attirant tous ceux qui travaillent dans l\u2019organisation, une lueur d\u2019espoir et un avertissement.<\/p>\n\n\n\n<p><em>\u00ab&nbsp;Do\u00f1ana est un symbole en danger, qui montre exactement l\u2019impact que peut avoir notre esp\u00e8ce sur la plan\u00e8te&nbsp;\u00bb,<\/em>&nbsp;reconna\u00eet Rafa.&nbsp;<em>\u00ab Elle exige des changements dans la fa\u00e7on dont nous interagissons avec la nature. L\u2019\u00e9tat du parc nous montre notre propre \u00e9tat \u2013 pas seulement comment nous prot\u00e9geons la nature, mais aussi comment nous pr\u00e9servons notre propre futur. \u00bb<\/em><\/p>\n\n\n\n<h5 class=\"wp-block-heading\"><strong>Un paradis perdu<\/strong><\/h5>\n\n\n\n<p>Bien qu\u2019elle soit devenue une&nbsp;<a href=\"https:\/\/www.ramsar.org\/fr\/a-propos\/les-zones-humides-dimportance-internationale-les-sites-ramsar\" target=\"_blank\" rel=\"noreferrer noopener\">Zone humide d\u2019importance internationale<\/a>, un site du Patrimoine mondial, et qu\u2019elle fasse partie du Programme de l\u2019UNESCO sur l\u2019homme et la biosph\u00e8re, Do\u00f1ana est toujours menac\u00e9e.<\/p>\n\n\n\n<p>Le WWF, qui est son principal protecteur, se bat pour changer les priorit\u00e9s \u2013 ses actions vont de l\u2019acquisition de terres et la protection&nbsp;<a href=\"https:\/\/www.wwf.es\/nuestro_trabajo\/especies_y_habitats\/lince_iberico\/\" target=\"_blank\" rel=\"noreferrer noopener\">du f\u00e9lin le plus menac\u00e9 d\u2019Europe<\/a>&nbsp;au combat contre les puits ill\u00e9gaux et l\u2019adaptation au changement climatique. C\u2019est un flux et reflux de reculs et d\u2019avanc\u00e9es, de probl\u00e8mes et de solutions.<\/p>\n\n\n\n<p>Juan Carlos del Olmo, qui participe \u00e0 des campagnes en faveur de la conservation depuis son enfance et qui est maintenant Secr\u00e9taire g\u00e9n\u00e9ral du WWF Espagne, d\u00e9fend Do\u00f1ana depuis les ann\u00e9es 1990.<\/p>\n\n\n\n<p><em>\u00ab&nbsp;Depuis plus de 50 ans, nous nous battons pour prot\u00e9ger Do\u00f1ana d\u2019un nombre incalculable de menaces&nbsp;\u00bb,<\/em>&nbsp;raconte-t-il.&nbsp;<em>\u00ab&nbsp;Bien que ce soit une zone prot\u00e9g\u00e9e, les propositions pour r\u00e9cup\u00e9rer des terres et siphonner l\u2019eau pour le d\u00e9veloppement agricole sont des dangers permanents qui demandent une mobilisation constante.&nbsp;\u00bb<\/em><\/p>\n\n\n\n<p>L\u2019Espagne est le plus grand exportateur de fraises au monde, et 95% de toutes les fraises du pays sont produites dans les milliers de serres situ\u00e9es autour de Do\u00f1ana. G\u00e9n\u00e9rant 400 millions d\u2019euros par an, l\u2019industrie est un important secteur \u00e9conomique \u2013 mais qui n\u2019est pas sans cons\u00e9quence&nbsp;: tous les ans, presque deux fois la totalit\u00e9 de l\u2019eau qui coule naturellement dans le parc est utilis\u00e9e par l\u2019agriculture.<\/p>\n\n\n\n<p>Ajoutez \u00e0 cela la soif insatiable des milliers d\u2019h\u00f4tels et r\u00e9sidences secondaires dans la station baln\u00e9aire voisine de Matalasca\u00f1as, et il est facile de comprendre pourquoi le parc s\u2019ass\u00e8che peu \u00e0 peu. Des \u00e9tangs autrefois permanents disparaissent en \u00e9t\u00e9. Do\u00f1ana se vide.<\/p>\n\n\n\n<h5 class=\"wp-block-heading\"><strong>Se battre, encore et toujours<\/strong><\/h5>\n\n\n\n<p>Satisfaire la demande en eau dans un pays qui est connu pour \u00eatre le verger de l\u2019Europe est une t\u00e2che difficile \u2013 mais tout n\u2019est pas perdu.<\/p>\n\n\n\n<p>En partenariat avec des&nbsp;<a href=\"https:\/\/saiplatform.org\/uploads\/Statement-of-support-Donana_Land_Use_Plan-final_10_March_2016.pdf\" target=\"_blank\" rel=\"noreferrer noopener\">cha\u00eenes de supermarch\u00e9<\/a>&nbsp;oeuvrant en faveur d\u2019un approvisionnement durable et des agriculteurs acceptant de mettre en oeuvre des pratiques plus respectueuses de l\u2019environnement, le WWF cherche \u00e0 concilier la protection de Do\u00f1ana avec les pressions en concurrence sur ses ressources.<\/p>\n\n\n\n<p>Les solutions recommand\u00e9es incluent un&nbsp;<a href=\"https:\/\/www.ambientum.com\/ambientum\/medio-natural\/plan-de-la-corona-forestal-en-donana.asp\" target=\"_blank\" rel=\"noreferrer noopener\">plan d\u2019utilisation des terres<\/a>&nbsp;pour la culture des fraises, offrant un mod\u00e8le de d\u00e9veloppement moins d\u00e9pendant en eau. Une autre opportunit\u00e9 \u00e9conomique innovante pourrait \u00eatre cr\u00e9\u00e9e avec la technique de l\u2019irrigation goutte-\u00e0-goutte afin de r\u00e9duire la consommation d\u2019eau.<\/p>\n\n\n\n<p>Et plus r\u00e9cemment, apr\u00e8s des ann\u00e9es de campagnes et d\u2019actions en justice, la police a commenc\u00e9 \u00e0 fermer une partie des quelques&nbsp;<a href=\"https:\/\/www.wwf.es\/nuestro_trabajo\/donana\/\">1000 ou plus puits ill\u00e9gaux<\/a>&nbsp;utilis\u00e9s par les producteurs fruitiers autour du parc.<\/p>\n\n\n\n<p><em>\u00ab&nbsp;Nous avons r\u00e9ussi car nous sommes sur le terrain depuis des ann\u00e9es, et nous connaissons tous les acteurs \u2013 les agriculteurs, les entreprises, les gestionnaires. Le soutien exceptionnel et continu de la MAVA a \u00e9galement \u00e9t\u00e9 d\u00e9cisif&nbsp;\u00bb,<\/em>&nbsp;reconna\u00eet Juan Carlos.&nbsp;<em>\u00ab&nbsp;Pouvons-nous crier victoire ? Do\u00f1ana est encore tr\u00e8s fragile. Nous devons rester vigilants et continuer avec pers\u00e9v\u00e9rance, sachant que nous pouvons toujours faire mieux.&nbsp;\u00bb<\/em><\/p>\n\n\n\n<figure class=\"wp-block-embed is-type-video is-provider-youtube wp-block-embed-youtube wp-embed-aspect-16-9 wp-has-aspect-ratio\"><div class=\"wp-block-embed__wrapper\">\n<iframe loading=\"lazy\" title=\"Aqu\u00ed est\u00e1 el agua que no llega a Do\u00f1ana\" width=\"500\" height=\"281\" src=\"https:\/\/www.youtube.com\/embed\/jCrN-ffjcdM?feature=oembed\" frameborder=\"0\" allow=\"accelerometer; autoplay; clipboard-write; encrypted-media; gyroscope; picture-in-picture; web-share\" referrerpolicy=\"strict-origin-when-cross-origin\" allowfullscreen><\/iframe>\n<\/div><\/figure>\n\n\n\n<h5 class=\"wp-block-heading\"><strong>Des moments charni\u00e8res<\/strong><\/h5>\n\n\n\n<p>Le 25 avril 1998, \u00e0 40 km en amont de Do\u00f1ana, une digue de r\u00e9tention a c\u00e9d\u00e9 sur le lieu de la mine de pyrite de Los Frailes, pr\u00e8s d\u2019Aznalcollar, d\u00e9versant une coul\u00e9e de boue toxique dans le fleuve Guadiamar.<\/p>\n\n\n\n<p>Ce d\u00e9versement catastrophique a atteint la limite du parc avant d\u2019\u00eatre d\u00e9tourn\u00e9 vers la mer par le Guadalquivir. Surnomm\u00e9 par les m\u00e9dias le \u00ab&nbsp;Tchernobyl espagnol&nbsp;\u00bb, il a \u00e9t\u00e9 un moment charni\u00e8re. La vuln\u00e9rabilit\u00e9 de Do\u00f1ana est apparue au grand jour. Avec l\u2019UE, le gouvernement a lanc\u00e9 une initiative,&nbsp;<a href=\"https:\/\/restorerivers.eu\/wiki\/index.php?title=Case_study:Do%C3%B1ana_2005\" target=\"_blank\" rel=\"noreferrer noopener\">Do\u00f1ana 2005.<\/a>&nbsp;Apr\u00e8s la r\u00e9-inondation des marais d\u00e9ss\u00e9ch\u00e9s dans l\u2019estuaire du Guadalquivir, Do\u00f1ana a pu \u00eatre restaur\u00e9e et preque retrouver sa splendeur originelle.<\/p>\n\n\n\n<p><em>\u00ab&nbsp;C\u2019est la premi\u00e8re fois que les autorit\u00e9s d\u2019Andalousie et le grand public ont pris conscience des menaces qui pesaient sur Do\u00f1ana. Je me souviens des images \u00e0 la t\u00e9l\u00e9vision, alors que j\u2019\u00e9tais adolescent&nbsp;\u00bb,<\/em>&nbsp;se rappelle Rafa.&nbsp;<em>\u00ab&nbsp;L\u2019horreur de cette pollution, et les efforts h\u00e9ro\u00efques d\u2019anonymes qui nettoyaient, ont choqu\u00e9 le public. Le sentiment g\u00e9n\u00e9ral \u00e9tait que nous ne pouvions pas permettre qu\u2019un tel \u00e9v\u00e9nement se reproduise. Pendant les ann\u00e9es qui ont suivi la catastrophe, le WWF a fait tout son possible pour faire pression sur les autorit\u00e9s afin qu\u2019elles pr\u00e9servent Do\u00f1ana.&nbsp;\u00bb<\/em><\/p>\n\n\n\n<p>Un autre \u00e9v\u00e9nement cl\u00e9 a \u00e9t\u00e9 la&nbsp;<a href=\"https:\/\/ec.europa.eu\/environment\/water\/water-framework\/info\/intro_en.htm\" target=\"_blank\" rel=\"noreferrer noopener\">Directive-cadre de l\u2019UE sur l\u2019eau.<\/a>&nbsp;Cette loi novatrice, accept\u00e9e en 2000, oblige les \u00c9tats Membres \u00e0 maintenir les cours d\u2019eau, aquif\u00e8res et zones humides en bonne sant\u00e9, afin qu\u2019elles fournissent une eau de bonne qualit\u00e9 en quantit\u00e9s suffisantes.<\/p>\n\n\n\n<p>Il fallait ensuite transposer cette loi dans la l\u00e9gislation nationale. Le WWF s\u2019en est servi pour faire pression sur les autorit\u00e9s afin qu\u2019elles modifient leur mani\u00e8re d\u2019agir. Par le biais de sa campagne&nbsp;<a href=\"http:\/\/www.wwf.eu\/what_we_do\/water\/living_rivers_europe\/\" target=\"_blank\" rel=\"noreferrer noopener\">Des rivi\u00e8res vivantes<\/a>, il a fait accepter certaines mesures pour la suppression de barrages et le maintien de \u00ab&nbsp;flux \u00e9cologiques&nbsp;\u00bb \u2013 la quantit\u00e9 minimum d\u2019eau dont a besoin un cours d\u2019eau vivant.<\/p>\n\n\n\n<p>Le WWF a \u00e9galement critiqu\u00e9 le projet de dragage du Guadalquivir pour un canal de navigation plus large. En 2019, apr\u00e8s 15 ans de batailles juridiques, les tribunaux ont statu\u00e9 que la protection devait passer en priorit\u00e9 \u2013 une d\u00e9cision qui a cr\u00e9\u00e9 un pr\u00e9c\u00e9dent, applicable aux autres cours d\u2019eau et aquif\u00e8res qui alimentent Do\u00f1ana.<\/p>\n\n\n\n<p>Sur la base des preuves apport\u00e9es par le WWF,&nbsp;<a href=\"https:\/\/ec.europa.eu\/commission\/presscorner\/detail\/fr\/IP_19_466\" target=\"_blank\" rel=\"noreferrer noopener\">la Commission europ\u00e9enne a poursuivi l\u2019Espagne en justice<\/a>&nbsp;pour non-protection des zones humides de Do\u00f1ana. La d\u00e9cision finale de la Cour europ\u00e9enne n\u2019a pas encore \u00e9t\u00e9 rendue, mais elle devrait obliger l\u2019Espagne \u00e0 mettre en place un plan de restauration.<\/p>\n\n\n\n<p>Cependant, avec la Directive-cadre sur l\u2019eau actuellement \u00e0 l\u2019\u00e9tude, et les \u00c9tats Membres et le Parlement europ\u00e9en qui doivent se mettre d\u2019accord sur son futur en juin 2020, les enjeux restent \u00e9lev\u00e9s.<\/p>\n\n\n\n<p><em>\u00ab&nbsp;Nous nous sommes vraiment battus pour nous assurer que la Directive n\u2019\u00e9tait pas vid\u00e9e de sa substance. Des centaines de&nbsp;<\/em><a href=\"https:\/\/scientists4wfd.com\/\" target=\"_blank\" rel=\"noreferrer noopener\"><em>scientifiques<\/em><\/a><em>&nbsp;et&nbsp;<\/em><a href=\"https:\/\/wwf.panda.org\/_\/search_wwf_news\/?344893\/375000-Citizens\" target=\"_blank\" rel=\"noreferrer noopener\"><em>375&nbsp;000 personnes<\/em><\/a><em>&nbsp;de toute l\u2019Europe nous soutiennent&nbsp;\u00bb,<\/em>&nbsp;d\u00e9clare Rafa.&nbsp;<em>\u00ab&nbsp;Certains \u00c9tats Membres veulent changer la l\u00e9gislation, c\u2019est pourquoi nous faisons encore campagne. Il est vital que nous remportions cette victoire \u2013 et pas seulement parce que c\u2019est mon combat depuis trois ans! \u00bb<\/em><\/p>\n\n\n\n<h5 class=\"wp-block-heading\"><strong>Vigilance et innovation<\/strong><\/h5>\n\n\n\n<p>Malgr\u00e9 les succ\u00e8s du WWF, des projets divers continuent \u00e0 menacer le parc, notamment&nbsp;<a href=\"https:\/\/www.wwf.es\/nuestro_trabajo\/donana\/\" target=\"_blank\" rel=\"noreferrer noopener\">un projet sp\u00e9culatif surr\u00e9el<\/a>&nbsp;qui consiste \u00e0 importer du gaz liquide \u00e0 faible co\u00fbt d\u2019Afrique du Nord, \u00e0 l\u2019injecter dans le sous-sol de Do\u00f1ana, et \u00e0 attendre que son prix augmente.<\/p>\n\n\n\n<p><em>\u00ab&nbsp;Leur id\u00e9e est d\u2019utiliser l\u2019ancienne infrastructure d\u2019extraction pour le stockage&nbsp;\u00bb<\/em>&nbsp;explique Juan Carlos.&nbsp;<em>\u00ab&nbsp;Mais ils oublient que Do\u00f1ana est situ\u00e9e sur le golfe de Cadis, \u00e0 la jonction des plaques europ\u00e9enne et atlantique. C\u2019est une zone d\u2019activit\u00e9 sismique tr\u00e8s \u00e9lev\u00e9e : c\u2019est pourquoi ce projet est tr\u00e8s risqu\u00e9.&nbsp;\u00bb<\/em><\/p>\n\n\n\n<p>Certaines menaces qui p\u00e8sent sur Do\u00f1ana sont chroniques, d\u2019autres sont plus s\u00e9rieuses ou semblent venir de nulle part. Elles demandent toutes de la vigilance et de l\u2019adaptabilit\u00e9 de notre part, ainsi que des solutions personnalis\u00e9es. Elles doivent toutes prendre en consid\u00e9ration les besoins souvent en concurrence des \u00eatres humains et de la nature.<\/p>\n\n\n\n<p>Maintenir Do\u00f1ana en vie mobilise le milieu de la conservation dans son ensemble \u2013 un m\u00e9lange de politique, de diplomatie et de persuasion, d\u2019appropriation, d\u2019entreprises et d\u2019\u00e9conomie, et de r\u00e9gulation, de litige et d\u2019application des lois.<\/p>\n\n\n\n<p>Malgr\u00e9 tout, la cr\u00e9ation de Do\u00f1ana en tant que premier parc national espagnol \u00e9tait une id\u00e9e tr\u00e8s novatrice consistant \u00e0 refuser un mod\u00e8le o\u00f9 les ressources sont exploit\u00e9es sans limites, pour lui pr\u00e9f\u00e9rer un mod\u00e8le o\u00f9 la nature est prot\u00e9g\u00e9e pour le bien collectif.<\/p>\n\n\n\n<p>Depuis la cr\u00e9ation de la&nbsp;<a href=\"http:\/\/www.ebd.csic.es\/en\/inicio\" target=\"_blank\" rel=\"noreferrer noopener\">Station biologique de Do\u00f1ana<\/a>&nbsp;en 1964, Do\u00f1ana illustre la fa\u00e7on dont les int\u00e9r\u00eats des populations, des communaut\u00e9s, des \u00e9conomies et des syst\u00e8mes naturels peuvent \u00eatre concili\u00e9s.<\/p>\n\n\n\n<p>Pour Juan Carlos, \u00ab&nbsp;<em>Do\u00f1ana est un laboratoire vivant de la conservation.<\/em>&nbsp;<em>Il y a les campagnes aupr\u00e8s du public, l\u2019acquisition de terres, le zonage&nbsp;; la cr\u00e9ation d\u2019alliances avec les p\u00eacheurs, les agriculteurs et les vendeurs au d\u00e9tail au sujet de l\u2019approvisionnement durable; la collaboration avec les autorit\u00e9s autour de la planification des infrastructures, de la bonne gouvernance et de la restauration\u2026 Nous innovons constamment, testant et affinant les solutions mettant en lien le c\u00f4t\u00e9 pratique et la politique.&nbsp;\u00bb<\/em><\/p>\n\n\n\n<p>Les bonnes pratiques pour la conservation des zones humides et la&nbsp;<a href=\"https:\/\/wwf.panda.org\/our_work\/water\/water_management\/\" target=\"_blank\" rel=\"noreferrer noopener\">gestion de l\u2019eau<\/a>&nbsp;en Europe ont \u00e9t\u00e9 fa\u00e7onn\u00e9es par les enseignements tir\u00e9s de&nbsp;<a href=\"http:\/\/mava-foundation.org\/fr\/blog-1-enseignement-camargue\/\" target=\"_blank\" rel=\"noreferrer noopener\">la Tour du Valat et de la Camargue<\/a>, avec qui Do\u00f1ana est jumel\u00e9e, et de la protection des&nbsp;<em>Marismas<\/em>&nbsp;et du bassin du Guadalquivir.<\/p>\n\n\n\n<p>L\u2019\u00e9volution de la Directive-cadre de l\u2019UE sur l\u2019eau, qui a en quelque commenc\u00e9 \u00e0 Do\u00f1ana, a ensuite permis d\u2019\u00e9veiller les consciences, ou du moins \u00e0 les inspirer, \u00e0 mettre en \u0153uvre une gestion plus respectueuse de l\u2019eau en Andalousie.<\/p>\n\n\n\n<h5 class=\"wp-block-heading\"><strong>Concilier les \u00eatres humains et la nature<\/strong><\/h5>\n\n\n\n<p>Le combat pour la survie de Do\u00f1ana incarne l\u2019\u00e9volution et les d\u00e9fis auxquels doit faire face la conservation contemporaine \u2013 que ce soit la lutte entre l\u2019exploitation et la pr\u00e9servation de la nature, ou la recherche d\u2019\u00e9quilibre et d\u2019harmonie, entre autres.<\/p>\n\n\n\n<p><em>\u00ab&nbsp;Sans \u00eatres humains, Do\u00f1ana n\u2019a aucun sens&nbsp;\u00bb<\/em>, affirme Juan Carlos.&nbsp;<em>\u00ab&nbsp;Pour le meilleur ou pour le pire, Do\u00f1ana a \u00e9t\u00e9 fa\u00e7onn\u00e9e par les humains, et vouloir changer cela n\u2019a jamais \u00e9t\u00e9 une solution. Do\u00f1ana ne pourra jamais \u00eatre une \u00eele isol\u00e9e pour les esp\u00e8ces sauvages, car tout ce qui se passe dans le bassin fluvial qui l\u2019entoure a un impact. Au-del\u00e0 de la protection juridique, il s\u2019agit de suivre les avanc\u00e9es, de b\u00e2tir des alliances, d\u2019utiliser durablement les ressources et d\u2019anticiper les menaces.&nbsp;\u00bb<\/em><\/p>\n\n\n\n<p>Dans les ann\u00e9es 1950, l\u2019id\u00e9e commun\u00e9ment r\u00e9pandue \u00e9tait que la nature devait \u00eatre prot\u00e9g\u00e9e des humains \u2013 mais la vision de Luc Hoffmann a toujours \u00e9t\u00e9 de reconna\u00eetre l\u2019interd\u00e9pendance des \u00eatres humains, de la soci\u00e9t\u00e9 et de la nature. La protection est n\u00e9cessaire \u2013 mais cela ne suffit pas. C\u2019est la fa\u00e7on dont le bassin fluvial au sens large est g\u00e9r\u00e9 qui d\u00e9terminera si Do\u00f1ana se transforme en d\u00e9sert ou reste une zone humide paradisiaque, partie d\u2019un syst\u00e8me en bonne sant\u00e9 capable d\u2019alimenter les champs de fraises pour toujours.<\/p>\n\n\n\n<p>L\u2019implication de longue date de la MAVA avec le WWF et Do\u00f1ana nous montre que, pour pouvoir concilier conservation et d\u00e9veloppement, il est essentiel de travailler avec tous les acteurs impliqu\u00e9s. Le grand enseignement que nous offre Do\u00f1ana est que les solutions qui fonctionnent sont fond\u00e9es sur la nature et b\u00e9n\u00e9fiques aux \u00eatres humains.<\/p>\n\n\n\n<hr class=\"wp-block-separator has-alpha-channel-opacity\"\/>\n\n\n\n<p><strong><em>Enseignement no. 3 \u2013 Des solutions fond\u00e9es sur la nature<\/em><\/strong><\/p>\n\n\n\n<p><strong><em>Pour sauver la vie sur Terre, \u00e9laborer conjointement, avec tous les acteurs concern\u00e9s, des solutions fond\u00e9es sur la nature offrant prosp\u00e9rit\u00e9 et bien-\u00eatre aux \u00eatres humains, tout en respectant et en pr\u00e9servant l\u2019int\u00e9grit\u00e9 des syst\u00e8mes naturels et sains.&nbsp;<\/em><\/strong><\/p>\n\n\n\n<hr class=\"wp-block-separator has-alpha-channel-opacity\"\/>\n\n\n\n<h5 class=\"wp-block-heading\"><strong>Du risque \u00e0 la s\u00e9curit\u00e9<\/strong><\/h5>\n\n\n\n<p>La p\u00e9nurie d\u2019eau est un risque croissant pour l\u2019humanit\u00e9. Une fois encore, les crises li\u00e9es \u00e0 l\u2019eau se classent parmi les cinq principaux risques \u00e9valu\u00e9s dans le&nbsp;<a href=\"http:\/\/reports.weforum.org\/global-risks-report-2020\/survey-results\/global-risks-landscape-2020\/#landscape\" target=\"_blank\" rel=\"noreferrer noopener\">Rapport sur les risques mondiaux<\/a>&nbsp;de cette ann\u00e9e, compil\u00e9 par le Forum \u00e9conomique mondial. Les \u00e9tudes montrent que&nbsp;<a href=\"https:\/\/gca.org\/global-commission-on-adaptation\/report\" target=\"_blank\" rel=\"noreferrer noopener\">les investissements dans les ressources hydriques sont une priorit\u00e9 pour lutter contre le changement climatique.<\/a><\/p>\n\n\n\n<p>En Espagne, la gestion de l\u2019eau s\u2019est focalis\u00e9e sur la satisfaction des demandes en mati\u00e8re d\u2019eau, aux d\u00e9pends de la sant\u00e9 des cours d\u2019eau, des aquif\u00e8res et des zones humides. Tr\u00e8s peu a \u00e9t\u00e9 fait pour g\u00e9rer et r\u00e9duire la demande, ou mettre en place un mod\u00e8le de d\u00e9veloppement moins d\u00e9pendant de l\u2019eau.<\/p>\n\n\n\n<p><em>\u00ab&nbsp;Notre plus gros d\u00e9fi est de changer les mentalit\u00e9s&nbsp;\u00bb,<\/em>&nbsp;d\u00e9clare Rafa.&nbsp;<em>\u00ab&nbsp;La population en Espagne croit que l\u2019eau est gratuite. L\u2019eau est un bien public, mais c\u2019est une ressource limit\u00e9e. Nous devons la valoriser correctement, et lui attribuer un prix qui refl\u00e8te sa raret\u00e9 et ses avantages, et nous permette de la g\u00e9rer correctement.&nbsp;\u00bb<\/em><\/p>\n\n\n\n<p>Pour lutter contre les crises complexes et interconnect\u00e9es d\u2019aujourd\u2019hui, garantir la s\u00e9curit\u00e9 des ressources en eau et pouvoir faire face aux changements climatiques, nous devons mettre en oeuvre une approche \u00e0 l\u2019\u00e9chelle du bassin et du paysage, et renforcer les&nbsp;<a href=\"https:\/\/wwf.panda.org\/our_work\/water\/freshwater_inititiaves\/\" target=\"_blank\" rel=\"noreferrer noopener\">investissements dans les solutions fond\u00e9es sur la nature<\/a>, les bassins fluviaux en bonne sant\u00e9, les cours d\u2019eau vivants et l\u2019infrastructure naturelle.<\/p>\n\n\n\n<p>Les entreprises doivent collectivement assumer leurs responsabilit\u00e9s en mati\u00e8re de partage des ressources en eau, les institutions financi\u00e8res doivent investir dans des projets hydriques durables, et les gouvernements doivent valoriser et prot\u00e9ger les zones humides, les cours d\u2019eau et les aquif\u00e8res, ainsi que garantir&nbsp;<a href=\"https:\/\/www.un.org\/sustainabledevelopment\/fr\/water-and-sanitation\/\" target=\"_blank\" rel=\"noreferrer noopener\">l\u2019acc\u00e8s \u00e0 tous \u00e0 des services d\u2019alimentation en eau propre.<\/a><\/p>\n\n\n\n<p>Pour Juan Carlos,&nbsp;<em>\u00ab&nbsp;changer la fa\u00e7on dont nous produisons et consommons ne signifie pas r\u00e9duire notre qualit\u00e9 de vie, mais avoir une relation diff\u00e9rente, plus authentique, avec la nature.<\/em>&nbsp;<em>Les communaut\u00e9s, les organisations, les scientifiques, les entreprises et les collectivit\u00e9s territoriales se retrouvent enfin pour partager leurs id\u00e9es. Le monde que nous laisserons \u00e0 nos enfants est une question de choix \u2013 et Do\u00f1ana nous montre qu\u2019il est possible de travailler avec la nature plut\u00f4t que contre elle.&nbsp;\u00bb<\/em><\/p>\n\n\n\n<p>Do\u00f1ana, un oasis qui nous a tant donn\u00e9, est un petit paradis qui n\u2019est ni sans limites, ni vou\u00e9 \u00e0 l\u2019\u00e9chec. Barom\u00e8tres de notre relation avec la nature, les choix que nous faisons aujourd\u2019hui d\u00e9termineront son futur et le destin du monde naturel dont nous d\u00e9pendons tous.<\/p>\n\n\n\n<p>******************<\/p>\n\n\n\n<h5 class=\"wp-block-heading\"><strong>Regard sur les sites embl\u00e9matiques de la MAVA<\/strong><\/h5>\n\n\n\n<p>Lisez les articles sur chaque site embl\u00e9matique de la MAVA :<\/p>\n\n\n\n<p><a href=\"https:\/\/mava-foundation.org\/fr\/blog-1-enseignement-camargue\/\"><strong><em>Enseignement n\u00b01<\/em><\/strong><\/a><strong><em>&nbsp; de la Camargue<\/em><\/strong><strong>&nbsp;\u2013 Connaissances scientifiques et plaidoyer<\/strong><\/p>\n\n\n\n<p><em>D\u00e9velopper des connaissances scientifiques fiables et s\u2019assurer que celles-ci r\u00e9pondent \u00e0 des enjeux concrets. Et pour avoir un r\u00e9el impact, mener \u00e9galement des actions de plaidoyer avec les partenaires, soutenues par des solutions pratiques et des \u00e9l\u00e9ments d\u00e9montrant la valeur de la nature.<\/em><\/p>\n\n\n\n<p><a href=\"https:\/\/mava-foundation.org\/fr\/blog-2-enseignements-bijagos\/\"><strong><em>Enseignement n\u00b02<\/em><\/strong><\/a><strong><em>&nbsp; des Bijagos \u2013 Une approche bioculturelle<\/em><\/strong><\/p>\n\n\n\n<p><em>Reconna\u00eetre, respecter et prot\u00e9ger les valeurs, les cultures, les pratiques et les droits uniques des communaut\u00e9s locales, et comprendre comment leurs traditions culturelles et spirituelles int\u00e8grent la conservation, leur permettant de g\u00e9rer les territoires et les ressources au b\u00e9n\u00e9fice des \u00eatres humains et de la nature.<\/em><\/p>\n\n\n\n<p><a href=\"https:\/\/mava-foundation.org\/fr\/blog-3-enseignements-donana\/\"><strong><em>Enseignement n\u00b03<\/em><\/strong><\/a><strong><em>&nbsp; de Do\u00f1ana \u2013 Des solutions fond\u00e9es sur la nature<\/em><\/strong><\/p>\n\n\n\n<p><em>Pour sauver la vie sur Terre, \u00e9laborer conjointement, avec tous les acteurs concern\u00e9s, des solutions fond\u00e9es sur la nature offrant prosp\u00e9rit\u00e9 et bien-\u00eatre aux \u00eatres humains, tout en respectant et en pr\u00e9servant l\u2019int\u00e9grit\u00e9 des syst\u00e8mes naturels et sains.&nbsp;<\/em><\/p>\n\n\n\n<p><a href=\"https:\/\/mava-foundation.org\/fr\/blog-3-enseignements-prespa\/\"><strong>Enseignement n\u00b04<\/strong><\/a><strong>&nbsp; de Prespa \u2013 Une collaboration transfrontali\u00e8re<\/strong><\/p>\n\n\n\n<p><em>La conservation transfrontali\u00e8re repose sur une collaboration solide, \u00e0 tous les niveaux, entre de nombreux acteurs diff\u00e9rents. Pour r\u00e9ussir, il convient de reconna\u00eetre les r\u00e9alit\u00e9s sur le terrain, d\u2019\u00e9couter attentivement, d\u2019offrir aux populations locales la possibilit\u00e9 de prendre des initiatives, de g\u00e9n\u00e9rer des avantages, et de s\u2019engager sur le long terme<\/em><\/p>\n\n\n\n<p><strong><em><a href=\"https:\/\/mava-foundation.org\/fr\/blog-5-enseignements-banc-darguin\/\">Enseignement n\u00b05<\/a>&nbsp;du Banc d\u2019Arguin \u2013 Financement durable<\/em><\/strong><\/p>\n\n\n\n<p><em>Alors que les crises g\u00e9n\u00e9r\u00e9es par l\u2019appauvrissement de la nature et le d\u00e9r\u00e8glement climatique convergent, les organisations de conservation de la nature devraient se doter de m\u00e9canismes de financement innovants visant \u00e0 s\u00e9curiser et amplifier les investissements des secteurs public et priv\u00e9. Ceci permet de d\u00e9bloquer des fonds additionnels et de mettre en place un syst\u00e8me de financement durable pour la conservation et le d\u00e9veloppement.<\/em><\/p>\n","protected":false},"template":"","library_type":[59,60],"class_list":["post-3128","library","type-library","status-publish","hentry","library_type-blogs-fr","library_type-apprentissages"],"acf":[],"yoast_head":"<!-- This site is optimized with the Yoast SEO plugin v27.0 - https:\/\/yoast.com\/product\/yoast-seo-wordpress\/ -->\n<title>Trouver un \u00e9quilibre entre humains, nature et prosp\u00e9rit\u00e9 \u00e0 Do\u00f1ana | Fondation MAVA<\/title>\n<meta name=\"robots\" content=\"index, follow, max-snippet:-1, max-image-preview:large, max-video-preview:-1\" \/>\n<link rel=\"canonical\" href=\"https:\/\/mava-foundation.org\/fr\/article\/trouver-un-equilibre-entre-humains-nature-et-prosperite-a-donana\/\" \/>\n<meta property=\"og:locale\" content=\"fr_FR\" \/>\n<meta property=\"og:type\" content=\"article\" \/>\n<meta property=\"og:title\" content=\"Trouver un \u00e9quilibre entre humains, nature et prosp\u00e9rit\u00e9 \u00e0 Do\u00f1ana | Fondation MAVA\" \/>\n<meta property=\"og:description\" content=\"Texte de\u00a0Justin Woolford\u00a0pour la Fondation MAVA Dans le troisi\u00e8me num\u00e9ro de notre nouvelle s\u00e9rie de cinq articles dont l\u2019objectif est d\u2019offrir perspectives et inspiration pour la conservation contemporaine, nous nous rendons \u00e0 Do\u00f1ana, dans le sud de l\u2019Espagne \u2013 une zone humide embl\u00e9matique, dont l\u2019avenir d\u00e9pend des moyens que nous mettrons en \u0153uvre pour prot\u00e9ger [&hellip;]\" \/>\n<meta property=\"og:url\" content=\"https:\/\/mava-foundation.org\/fr\/article\/trouver-un-equilibre-entre-humains-nature-et-prosperite-a-donana\/\" \/>\n<meta property=\"og:site_name\" content=\"Fondation MAVA\" \/>\n<meta property=\"article:modified_time\" content=\"2023-05-01T14:06:32+00:00\" \/>\n<meta property=\"og:image\" content=\"https:\/\/mava-foundation.org\/wp-content\/uploads\/2023\/03\/logo..png\" \/>\n\t<meta property=\"og:image:width\" content=\"356\" \/>\n\t<meta property=\"og:image:height\" content=\"200\" \/>\n\t<meta property=\"og:image:type\" content=\"image\/png\" \/>\n<meta name=\"twitter:card\" content=\"summary_large_image\" \/>\n<meta name=\"twitter:label1\" content=\"Dur\u00e9e de lecture estim\u00e9e\" \/>\n\t<meta name=\"twitter:data1\" content=\"16 minutes\" \/>\n<script type=\"application\/ld+json\" class=\"yoast-schema-graph\">{\"@context\":\"https:\/\/schema.org\",\"@graph\":[{\"@type\":\"WebPage\",\"@id\":\"https:\/\/mava-foundation.org\/fr\/article\/trouver-un-equilibre-entre-humains-nature-et-prosperite-a-donana\/\",\"url\":\"https:\/\/mava-foundation.org\/fr\/article\/trouver-un-equilibre-entre-humains-nature-et-prosperite-a-donana\/\",\"name\":\"Trouver un \u00e9quilibre entre humains, nature et prosp\u00e9rit\u00e9 \u00e0 Do\u00f1ana | Fondation MAVA\",\"isPartOf\":{\"@id\":\"https:\/\/mava-foundation.org\/fr\/#website\"},\"datePublished\":\"2023-02-21T13:02:15+00:00\",\"dateModified\":\"2023-05-01T14:06:32+00:00\",\"breadcrumb\":{\"@id\":\"https:\/\/mava-foundation.org\/fr\/article\/trouver-un-equilibre-entre-humains-nature-et-prosperite-a-donana\/#breadcrumb\"},\"inLanguage\":\"fr-FR\",\"potentialAction\":[{\"@type\":\"ReadAction\",\"target\":[\"https:\/\/mava-foundation.org\/fr\/article\/trouver-un-equilibre-entre-humains-nature-et-prosperite-a-donana\/\"]}]},{\"@type\":\"BreadcrumbList\",\"@id\":\"https:\/\/mava-foundation.org\/fr\/article\/trouver-un-equilibre-entre-humains-nature-et-prosperite-a-donana\/#breadcrumb\",\"itemListElement\":[{\"@type\":\"ListItem\",\"position\":1,\"name\":\"Accueil\",\"item\":\"https:\/\/mava-foundation.org\/fr\/\"},{\"@type\":\"ListItem\",\"position\":2,\"name\":\"Biblioth\u00e8que\",\"item\":\"https:\/\/mava-foundation.org\/fr\/article\/\"},{\"@type\":\"ListItem\",\"position\":3,\"name\":\"Trouver un \u00e9quilibre entre humains, nature et prosp\u00e9rit\u00e9 \u00e0 Do\u00f1ana\"}]},{\"@type\":\"WebSite\",\"@id\":\"https:\/\/mava-foundation.org\/fr\/#website\",\"url\":\"https:\/\/mava-foundation.org\/fr\/\",\"name\":\"Fondation MAVA\",\"description\":\"Un investissement au b\u00e9n\u00e9fice de l\u2019humain et de la nature\",\"publisher\":{\"@id\":\"https:\/\/mava-foundation.org\/fr\/#organization\"},\"alternateName\":\"MAVA\",\"potentialAction\":[{\"@type\":\"SearchAction\",\"target\":{\"@type\":\"EntryPoint\",\"urlTemplate\":\"https:\/\/mava-foundation.org\/fr\/?s={search_term_string}\"},\"query-input\":{\"@type\":\"PropertyValueSpecification\",\"valueRequired\":true,\"valueName\":\"search_term_string\"}}],\"inLanguage\":\"fr-FR\"},{\"@type\":\"Organization\",\"@id\":\"https:\/\/mava-foundation.org\/fr\/#organization\",\"name\":\"MAVA Foundation\",\"alternateName\":\"MAVA\",\"url\":\"https:\/\/mava-foundation.org\/fr\/\",\"logo\":{\"@type\":\"ImageObject\",\"inLanguage\":\"fr-FR\",\"@id\":\"https:\/\/mava-foundation.org\/fr\/#\/schema\/logo\/image\/\",\"url\":\"http:\/\/mava.321dev.ch\/wp-content\/uploads\/2023\/03\/logo..png\",\"contentUrl\":\"http:\/\/mava.321dev.ch\/wp-content\/uploads\/2023\/03\/logo..png\",\"width\":356,\"height\":200,\"caption\":\"MAVA Foundation\"},\"image\":{\"@id\":\"https:\/\/mava-foundation.org\/fr\/#\/schema\/logo\/image\/\"}}]}<\/script>\n<!-- \/ Yoast SEO plugin. -->","yoast_head_json":{"title":"Trouver un \u00e9quilibre entre humains, nature et prosp\u00e9rit\u00e9 \u00e0 Do\u00f1ana | Fondation MAVA","robots":{"index":"index","follow":"follow","max-snippet":"max-snippet:-1","max-image-preview":"max-image-preview:large","max-video-preview":"max-video-preview:-1"},"canonical":"https:\/\/mava-foundation.org\/fr\/article\/trouver-un-equilibre-entre-humains-nature-et-prosperite-a-donana\/","og_locale":"fr_FR","og_type":"article","og_title":"Trouver un \u00e9quilibre entre humains, nature et prosp\u00e9rit\u00e9 \u00e0 Do\u00f1ana | Fondation MAVA","og_description":"Texte de\u00a0Justin Woolford\u00a0pour la Fondation MAVA Dans le troisi\u00e8me num\u00e9ro de notre nouvelle s\u00e9rie de cinq articles dont l\u2019objectif est d\u2019offrir perspectives et inspiration pour la conservation contemporaine, nous nous rendons \u00e0 Do\u00f1ana, dans le sud de l\u2019Espagne \u2013 une zone humide embl\u00e9matique, dont l\u2019avenir d\u00e9pend des moyens que nous mettrons en \u0153uvre pour prot\u00e9ger [&hellip;]","og_url":"https:\/\/mava-foundation.org\/fr\/article\/trouver-un-equilibre-entre-humains-nature-et-prosperite-a-donana\/","og_site_name":"Fondation MAVA","article_modified_time":"2023-05-01T14:06:32+00:00","og_image":[{"width":356,"height":200,"url":"https:\/\/mava-foundation.org\/wp-content\/uploads\/2023\/03\/logo..png","type":"image\/png"}],"twitter_card":"summary_large_image","twitter_misc":{"Dur\u00e9e de lecture estim\u00e9e":"16 minutes"},"schema":{"@context":"https:\/\/schema.org","@graph":[{"@type":"WebPage","@id":"https:\/\/mava-foundation.org\/fr\/article\/trouver-un-equilibre-entre-humains-nature-et-prosperite-a-donana\/","url":"https:\/\/mava-foundation.org\/fr\/article\/trouver-un-equilibre-entre-humains-nature-et-prosperite-a-donana\/","name":"Trouver un \u00e9quilibre entre humains, nature et prosp\u00e9rit\u00e9 \u00e0 Do\u00f1ana | Fondation MAVA","isPartOf":{"@id":"https:\/\/mava-foundation.org\/fr\/#website"},"datePublished":"2023-02-21T13:02:15+00:00","dateModified":"2023-05-01T14:06:32+00:00","breadcrumb":{"@id":"https:\/\/mava-foundation.org\/fr\/article\/trouver-un-equilibre-entre-humains-nature-et-prosperite-a-donana\/#breadcrumb"},"inLanguage":"fr-FR","potentialAction":[{"@type":"ReadAction","target":["https:\/\/mava-foundation.org\/fr\/article\/trouver-un-equilibre-entre-humains-nature-et-prosperite-a-donana\/"]}]},{"@type":"BreadcrumbList","@id":"https:\/\/mava-foundation.org\/fr\/article\/trouver-un-equilibre-entre-humains-nature-et-prosperite-a-donana\/#breadcrumb","itemListElement":[{"@type":"ListItem","position":1,"name":"Accueil","item":"https:\/\/mava-foundation.org\/fr\/"},{"@type":"ListItem","position":2,"name":"Biblioth\u00e8que","item":"https:\/\/mava-foundation.org\/fr\/article\/"},{"@type":"ListItem","position":3,"name":"Trouver un \u00e9quilibre entre humains, nature et prosp\u00e9rit\u00e9 \u00e0 Do\u00f1ana"}]},{"@type":"WebSite","@id":"https:\/\/mava-foundation.org\/fr\/#website","url":"https:\/\/mava-foundation.org\/fr\/","name":"Fondation MAVA","description":"Un investissement au b\u00e9n\u00e9fice de l\u2019humain et de la nature","publisher":{"@id":"https:\/\/mava-foundation.org\/fr\/#organization"},"alternateName":"MAVA","potentialAction":[{"@type":"SearchAction","target":{"@type":"EntryPoint","urlTemplate":"https:\/\/mava-foundation.org\/fr\/?s={search_term_string}"},"query-input":{"@type":"PropertyValueSpecification","valueRequired":true,"valueName":"search_term_string"}}],"inLanguage":"fr-FR"},{"@type":"Organization","@id":"https:\/\/mava-foundation.org\/fr\/#organization","name":"MAVA Foundation","alternateName":"MAVA","url":"https:\/\/mava-foundation.org\/fr\/","logo":{"@type":"ImageObject","inLanguage":"fr-FR","@id":"https:\/\/mava-foundation.org\/fr\/#\/schema\/logo\/image\/","url":"http:\/\/mava.321dev.ch\/wp-content\/uploads\/2023\/03\/logo..png","contentUrl":"http:\/\/mava.321dev.ch\/wp-content\/uploads\/2023\/03\/logo..png","width":356,"height":200,"caption":"MAVA Foundation"},"image":{"@id":"https:\/\/mava-foundation.org\/fr\/#\/schema\/logo\/image\/"}}]}},"_links":{"self":[{"href":"https:\/\/mava-foundation.org\/fr\/wp-json\/wp\/v2\/library\/3128","targetHints":{"allow":["GET"]}}],"collection":[{"href":"https:\/\/mava-foundation.org\/fr\/wp-json\/wp\/v2\/library"}],"about":[{"href":"https:\/\/mava-foundation.org\/fr\/wp-json\/wp\/v2\/types\/library"}],"wp:attachment":[{"href":"https:\/\/mava-foundation.org\/fr\/wp-json\/wp\/v2\/media?parent=3128"}],"wp:term":[{"taxonomy":"library_type","embeddable":true,"href":"https:\/\/mava-foundation.org\/fr\/wp-json\/wp\/v2\/library_type?post=3128"}],"curies":[{"name":"wp","href":"https:\/\/api.w.org\/{rel}","templated":true}]}}